{"id":26,"date":"2020-09-14T18:31:12","date_gmt":"2020-09-14T16:31:12","guid":{"rendered":"http:\/\/www.sjvf.nu\/wp\/?page_id=26"},"modified":"2020-09-20T15:28:05","modified_gmt":"2020-09-20T13:28:05","slug":"om","status":"publish","type":"page","link":"http:\/\/www.sjvf.nu\/?page_id=26","title":{"rendered":"Om SJVF"},"content":{"rendered":"\n<p>&#8211; En f\u00f6rening f\u00f6r alla.<br>J\u00e4gare och sportskyttar. Nyb\u00f6rjare och veteraner, unga och gamla.<br><br>S\u00f6dert\u00e4lje jaktv\u00e5rdsf\u00f6renings Startades 1936<\/p>\n\n\n\n<p>F\u00f6reningens \u00e4ndam\u00e5l \u00e4r:<br>&#8211; att verka f\u00f6r intresserade j\u00e4gare, skogsfolk och skyttar<br>&#8211; att verka f\u00f6r h\u00f6jande av den j\u00e4garm\u00e4ssiga skjutskickligheten<br>&#8211; att i samverkan med l\u00e4nsjaktv\u00e5rdsf\u00f6reningens S\u00f6dert\u00e4ljekrets sprida jaktv\u00e5rdsid\u00e9er bland mark\u00e4gare och allm\u00e4nhet.<br>F\u00f6reningen skall vara ansluten:<br>&#8211; till Svenska Sportskyttef\u00f6rbundet<br>&#8211; till Svenska J\u00e4garef\u00f6rbundets avdelning f\u00f6r Stockholms l\u00e4n genom S\u00f6dert\u00e4lje Jaktv\u00e5rdskrets, samt att f\u00f6reningen skall representeras vid S\u00f6dert\u00e4ljekretsens \u00e5rssammantr\u00e4de.<\/p>\n","protected":false},"excerpt":{"rendered":"<p>&#8211; En f\u00f6rening f\u00f6r alla.J\u00e4gare och sportskyttar. Nyb\u00f6rjare och veteraner, unga och gamla. S\u00f6dert\u00e4lje jaktv\u00e5rdsf\u00f6renings Startades 1936 F\u00f6reningens \u00e4ndam\u00e5l \u00e4r:&#8211; att verka f\u00f6r intresserade j\u00e4gare, skogsfolk och skyttar&#8211; att verka f\u00f6r h\u00f6jande av den j\u00e4garm\u00e4ssiga skjutskickligheten&#8211; att i samverkan med l\u00e4nsjaktv\u00e5rdsf\u00f6reningens S\u00f6dert\u00e4ljekrets sprida jaktv\u00e5rdsid\u00e9er bland mark\u00e4gare och allm\u00e4nhet.F\u00f6reningen skall vara ansluten:&#8211; till Svenska Sportskyttef\u00f6rbundet&#8211; till &hellip; <\/p>\n<p class=\"link-more\"><a href=\"http:\/\/www.sjvf.nu\/?page_id=26\" class=\"more-link\">Forts\u00e4tt l\u00e4sa<span class=\"screen-reader-text\"> &#8221;Om SJVF&#8221;<\/span><\/a><\/p>\n","protected":false},"author":1,"featured_media":0,"parent":0,"menu_order":0,"comment_status":"closed","ping_status":"closed","template":"","meta":[],"_links":{"self":[{"href":"http:\/\/www.sjvf.nu\/index.php?rest_route=\/wp\/v2\/pages\/26"}],"collection":[{"href":"http:\/\/www.sjvf.nu\/index.php?rest_route=\/wp\/v2\/pages"}],"about":[{"href":"http:\/\/www.sjvf.nu\/index.php?rest_route=\/wp\/v2\/types\/page"}],"author":[{"embeddable":true,"href":"http:\/\/www.sjvf.nu\/index.php?rest_route=\/wp\/v2\/users\/1"}],"replies":[{"embeddable":true,"href":"http:\/\/www.sjvf.nu\/index.php?rest_route=%2Fwp%2Fv2%2Fcomments&post=26"}],"version-history":[{"count":0,"href":"http:\/\/www.sjvf.nu\/index.php?rest_route=\/wp\/v2\/pages\/26\/revisions"}],"wp:attachment":[{"href":"http:\/\/www.sjvf.nu\/index.php?rest_route=%2Fwp%2Fv2%2Fmedia&parent=26"}],"curies":[{"name":"wp","href":"https:\/\/api.w.org\/{rel}","templated":true}]}}